{"id":489,"date":"2019-03-06T14:59:02","date_gmt":"2019-03-06T14:59:02","guid":{"rendered":"http:\/\/www.cloudmarketing.se\/?page_id=489"},"modified":"2020-02-27T10:44:35","modified_gmt":"2020-02-27T10:44:35","slug":"vart-synsatt","status":"publish","type":"page","link":"https:\/\/www.cloudmarketing.se\/index.php\/vart-synsatt\/","title":{"rendered":"V\u00e5rt syns\u00e4tt"},"content":{"rendered":"<p>[et_pb_section fb_built=&#8221;1&#8243; fullwidth=&#8221;on&#8221; _builder_version=&#8221;3.22&#8243; filter_saturate=&#8221;115%&#8221; fb_built=&#8221;1&#8243; _i=&#8221;0&#8243; _address=&#8221;0&#8243;][et_pb_fullwidth_header title=&#8221;%22Allt \u00e4r m\u00f6jligt. Det om\u00f6jliga tar bara lite l\u00e4ngre tid.%22&#8243; subhead=&#8221;Winston Churchill&#8221; text_orientation=&#8221;center&#8221; header_fullscreen=&#8221;on&#8221; _builder_version=&#8221;3.29.3&#8243; title_font=&#8221;Cutive Mono|300|||||||&#8221; title_text_align=&#8221;center&#8221; title_text_color=&#8221;#0c0c0c&#8221; title_font_size=&#8221;28px&#8221; title_line_height=&#8221;1.5em&#8221; subhead_font=&#8221;|300|||||||&#8221; subhead_text_align=&#8221;center&#8221; subhead_text_color=&#8221;#0c0c0c&#8221; background_image=&#8221;http:\/\/www.cloudmarketing.se\/wp-content\/uploads\/2018\/10\/cloud_background_webb-e1539610714720.jpg&#8221; custom_margin=&#8221;|||&#8221; custom_padding=&#8221;|||&#8221; custom_padding_last_edited=&#8221;on|phone&#8221; _i=&#8221;0&#8243; _address=&#8221;0.0&#8243;][\/et_pb_fullwidth_header][\/et_pb_section][et_pb_section fb_built=&#8221;1&#8243; _builder_version=&#8221;3.22&#8243; background_color=&#8221;rgba(239,239,239,0.66)&#8221; custom_padding=&#8221;35px|0px|0|0px|false|false&#8221; fb_built=&#8221;1&#8243; _i=&#8221;1&#8243; _address=&#8221;1&#8243;][et_pb_row use_custom_gutter=&#8221;on&#8221; _builder_version=&#8221;3.25&#8243; background_size=&#8221;initial&#8221; background_position=&#8221;top_left&#8221; background_repeat=&#8221;repeat&#8221; width=&#8221;60%&#8221; max_width=&#8221;60%&#8221; custom_padding=&#8221;83px|0px|104px|0px|false|false&#8221; use_custom_width=&#8221;on&#8221; width_unit=&#8221;off&#8221; custom_width_percent=&#8221;60%&#8221; _i=&#8221;0&#8243; _address=&#8221;1.0&#8243;][et_pb_column type=&#8221;4_4&#8243; _builder_version=&#8221;3.25&#8243; custom_padding=&#8221;|||&#8221; _i=&#8221;0&#8243; _address=&#8221;1.0.0&#8243; custom_padding__hover=&#8221;|||&#8221;][et_pb_text _builder_version=&#8221;3.27.4&#8243; text_font=&#8221;|300|||||||&#8221; text_text_color=&#8221;#000000&#8243; text_font_size=&#8221;16px&#8221; header_font=&#8221;||||||||&#8221; header_2_font=&#8221;Cutive Mono||||||||&#8221; header_2_text_color=&#8221;#000000&#8243; text_orientation=&#8221;center&#8221; _i=&#8221;0&#8243; _address=&#8221;1.0.0.0&#8243;]<\/p>\n<h2>Vi kan varum\u00e4rken.<\/h2>\n<p>[\/et_pb_text][et_pb_text _builder_version=&#8221;3.27.4&#8243; text_font=&#8221;|300|||||||&#8221; text_text_color=&#8221;#000000&#8243; text_font_size=&#8221;16px&#8221; header_font=&#8221;||||||||&#8221; header_2_font=&#8221;Cutive Mono|700|||||||&#8221; header_2_text_color=&#8221;#000000&#8243; text_orientation=&#8221;center&#8221; _i=&#8221;1&#8243; _address=&#8221;1.0.0.1&#8243;]<\/p>\n<p><span>Varum\u00e4rket \u00e4r en strategisk resurs med f\u00f6rm\u00e5ga att utveckla ett f\u00f6retags eller en organisations konkurrenskraft, tillv\u00e4xtf\u00f6rm\u00e5ga och l\u00f6nsamhet. Syftet med all varum\u00e4rkesbyggnad \u00e4r att attrahera en bred bas av m\u00e4rkeslojala kunder. Utmaningen \u00e4r att formulera en varum\u00e4rkesstrategi som p\u00e5 ett naturligt s\u00e4tt kan integreras i organisationens aff\u00e4rsutvecklingsarbete.<\/span><\/p>\n<p>[\/et_pb_text][\/et_pb_column][\/et_pb_row][\/et_pb_section][et_pb_section fb_built=&#8221;1&#8243; _builder_version=&#8221;3.22&#8243; background_color=&#8221;#ea5b0c&#8221; custom_padding=&#8221;88px|0px|91px|0px|false|false&#8221; fb_built=&#8221;1&#8243; _i=&#8221;2&#8243; _address=&#8221;2&#8243;][et_pb_row column_structure=&#8221;1_2,1_2&#8243; _builder_version=&#8221;3.25&#8243; custom_padding=&#8221;12.6406px|0px|0|0px|false|false&#8221; _i=&#8221;0&#8243; _address=&#8221;2.0&#8243;][et_pb_column type=&#8221;1_2&#8243; _builder_version=&#8221;3.25&#8243; custom_padding=&#8221;|||&#8221; _i=&#8221;0&#8243; _address=&#8221;2.0.0&#8243; custom_padding__hover=&#8221;|||&#8221;][et_pb_divider show_divider=&#8221;off&#8221; _builder_version=&#8221;3.21.4&#8243; height=&#8221;42px&#8221; _i=&#8221;0&#8243; _address=&#8221;2.0.0.0&#8243;][\/et_pb_divider][et_pb_text admin_label=&#8221;Title&#8221; _builder_version=&#8221;3.27.4&#8243; text_font=&#8221;||||||||&#8221; text_font_size=&#8221;16px&#8221; header_font=&#8221;||||||||&#8221; header_2_font=&#8221;Cutive Mono||||||||&#8221; header_2_text_align=&#8221;center&#8221; header_2_line_height=&#8221;1.2em&#8221; text_orientation=&#8221;center&#8221; background_layout=&#8221;dark&#8221; max_width=&#8221;550px&#8221; module_alignment=&#8221;center&#8221; custom_margin=&#8221;||0px|&#8221; custom_padding=&#8221;|||&#8221; animation_style=&#8221;fade&#8221; animation_direction=&#8221;top&#8221; _i=&#8221;1&#8243; _address=&#8221;2.0.0.1&#8243;]<\/p>\n<h2>Starka varum\u00e4rken.<\/h2>\n<p>[\/et_pb_text][et_pb_text _builder_version=&#8221;3.27.4&#8243; text_font=&#8221;|300|||||||&#8221; text_text_color=&#8221;#f9f9f9&#8243; text_font_size=&#8221;16px&#8221; text_line_height=&#8221;1.8em&#8221; text_orientation=&#8221;center&#8221; max_width=&#8221;570px&#8221; module_alignment=&#8221;center&#8221; custom_margin=&#8221;25px|||&#8221; animation_style=&#8221;fade&#8221; _i=&#8221;2&#8243; _address=&#8221;2.0.0.2&#8243;]<\/p>\n<p><span style=\"background-color: #ea5b0c; font-size: 16px;\">Vi ser varum\u00e4rket som navet i alla typer av verksamheter.\u00a0<br \/><\/span><span>I en v\u00e4rld av \u00f6kad konkurrens blir vikten av att ha starka varum\u00e4rken st\u00f6rre f\u00f6r varje dag som g\u00e5r. Starka varum\u00e4rken \u00e4r inget man f\u00e5r, utan n\u00e5got man f\u00f6rtj\u00e4nar. Att utveckla starka varum\u00e4rken kr\u00e4ver m\u00e5lmedvetenhet, uth\u00e5llighet och <br \/>stort engagemang.<\/span><\/p>\n<p>[\/et_pb_text][\/et_pb_column][et_pb_column type=&#8221;1_2&#8243; _builder_version=&#8221;3.25&#8243; custom_padding=&#8221;|||&#8221; _i=&#8221;1&#8243; _address=&#8221;2.0.1&#8243; custom_padding__hover=&#8221;|||&#8221;][et_pb_image src=&#8221;http:\/\/www.cloudmarketing.se\/wp-content\/uploads\/2019\/04\/illis_gs_3-01-1.png&#8221; align=&#8221;center&#8221; align_tablet=&#8221;center&#8221; align_last_edited=&#8221;on|desktop&#8221; _builder_version=&#8221;3.23&#8243; max_width=&#8221;70%&#8221; module_alignment=&#8221;center&#8221; custom_margin=&#8221;||&#8221; _i=&#8221;0&#8243; _address=&#8221;2.0.1.0&#8243;][\/et_pb_image][\/et_pb_column][\/et_pb_row][\/et_pb_section][et_pb_section fb_built=&#8221;1&#8243; module_id=&#8221;vi&#8221; _builder_version=&#8221;3.22&#8243; custom_padding=&#8221;101px|0px|2px|0px|false|false&#8221; fb_built=&#8221;1&#8243; _i=&#8221;0&#8243; _address=&#8221;0&#8243; global_module=&#8221;676&#8243;][et_pb_row _builder_version=&#8221;3.25&#8243; background_size=&#8221;initial&#8221; background_position=&#8221;top_left&#8221; background_repeat=&#8221;repeat&#8221; width=&#8221;60%&#8221; max_width=&#8221;60%&#8221; custom_padding=&#8221;0|0px|65px|0px|false|false&#8221; use_custom_width=&#8221;on&#8221; width_unit=&#8221;off&#8221; custom_width_percent=&#8221;60%&#8221; _i=&#8221;0&#8243; _address=&#8221;0.0&#8243;][et_pb_column type=&#8221;4_4&#8243; _builder_version=&#8221;3.25&#8243; custom_padding=&#8221;|||&#8221; _i=&#8221;0&#8243; _address=&#8221;0.0.0&#8243; custom_padding__hover=&#8221;|||&#8221;][et_pb_text _builder_version=&#8221;3.27.4&#8243; text_font=&#8221;|300|||||||&#8221; text_text_color=&#8221;#000000&#8243; header_font=&#8221;||||||||&#8221; header_2_font=&#8221;Cutive Mono||||||||&#8221; header_2_text_color=&#8221;#0c0c0c&#8221; _i=&#8221;0&#8243; _address=&#8221;0.0.0.0&#8243;]<\/p>\n<h2 style=\"text-align: center;\">Vi.<\/h2>\n<p>[\/et_pb_text][et_pb_text _builder_version=&#8221;3.27.4&#8243; text_font=&#8221;|300|||||||&#8221; text_text_color=&#8221;#000000&#8243; text_font_size=&#8221;16px&#8221; header_font=&#8221;||||||||&#8221; header_2_font=&#8221;Cutive Mono||||||||&#8221; header_2_text_color=&#8221;#000000&#8243; header_2_font_size=&#8221;25px&#8221; header_5_font=&#8221;Cutive Mono||||||||&#8221; header_5_font_size=&#8221;14px&#8221; _i=&#8221;1&#8243; _address=&#8221;0.0.0.1&#8243;]<\/p>\n<p style=\"text-align: center;\"><span style=\"font-size: xx-large;\" size=\"6\"><\/span>Vi p\u00e5 Cloud t\u00e4nker b\u00e5de strategiskt och l\u00e5ngsiktigt, kreativt och alltid rimligt. Ibland tycker vi lika men oftast kompletterar vi varandra. Erfarenheten, id\u00e9erna och \u00f6gonen som ser b\u00e5de helhet och detaljer. V\u00e5ra kunders behov tillgodoses alltid ur allas perspektiv.<\/p>\n<p>[\/et_pb_text][\/et_pb_column][\/et_pb_row][et_pb_row column_structure=&#8221;1_5,1_5,1_5,1_5,1_5&#8243; use_custom_gutter=&#8221;on&#8221; gutter_width=&#8221;1&#8243; _builder_version=&#8221;3.25&#8243; background_size=&#8221;initial&#8221; background_position=&#8221;top_left&#8221; background_repeat=&#8221;repeat&#8221; custom_padding=&#8221;0|0px|0|0px|true|false&#8221; _i=&#8221;1&#8243; _address=&#8221;0.1&#8243;][et_pb_column type=&#8221;1_5&#8243; _builder_version=&#8221;3.25&#8243; custom_padding=&#8221;|||&#8221; _i=&#8221;0&#8243; _address=&#8221;0.1.0&#8243; custom_padding__hover=&#8221;|||&#8221;][et_pb_image src=&#8221;http:\/\/www.cloudmarketing.se\/wp-content\/uploads\/2018\/08\/Jonas-kopia.jpg&#8221; align_tablet=&#8221;center&#8221; align_last_edited=&#8221;on|desktop&#8221; _builder_version=&#8221;3.23&#8243; _i=&#8221;0&#8243; _address=&#8221;0.1.0.0&#8243;]<\/p>\n<p>&nbsp;<\/p>\n<p>[\/et_pb_image][et_pb_divider show_divider=&#8221;off&#8221; _builder_version=&#8221;3.29.3&#8243; _i=&#8221;1&#8243; _address=&#8221;0.1.0.1&#8243;]<\/p>\n<p>&nbsp;<\/p>\n<p>[\/et_pb_divider][et_pb_text _builder_version=&#8221;3.29.3&#8243; text_font=&#8221;|300|||||||&#8221; _i=&#8221;2&#8243; _address=&#8221;0.1.0.2&#8243;]<\/p>\n<p>Jonas Ringn\u00e9r<br \/> <em>VD, strateg<\/em><br \/> 070 848 63 00<br \/> <span style=\"color: #ff6600;\"><em><a href=\"mailto:jonas@cloudmarketing.se\" style=\"color: #ff6600;\">jonas@cloudmarketing.se<\/a><\/em><\/span><\/p>\n<p>[\/et_pb_text][\/et_pb_column][et_pb_column type=&#8221;1_5&#8243; _builder_version=&#8221;3.29.3&#8243; _i=&#8221;1&#8243; _address=&#8221;0.1.1&#8243;][et_pb_image src=&#8221;http:\/\/www.cloudmarketing.se\/wp-content\/uploads\/2020\/01\/Cloud_Anna.jpg&#8221; align_tablet=&#8221;center&#8221; align_last_edited=&#8221;on|desktop&#8221; _builder_version=&#8221;3.29.3&#8243; custom_margin_phone=&#8221;30px||&#8221; custom_margin_last_edited=&#8221;on|phone&#8221; _i=&#8221;0&#8243; _address=&#8221;0.1.1.0&#8243;]<\/p>\n<p>&nbsp;<\/p>\n<p>[\/et_pb_image][et_pb_text _builder_version=&#8221;3.29.3&#8243; text_font=&#8221;|300|||||||&#8221; custom_margin=&#8221;22px||||false|false&#8221; _i=&#8221;1&#8243; _address=&#8221;0.1.1.1&#8243;]<\/p>\n<p>Anna Christiansson<br \/> <em>Multikommunikat\u00f6r<\/em><br \/> 070 653 26 31<br \/> <span style=\"color: #ff6600;\"><a href=\"mailto:anna@cloudmarketing.se\" style=\"color: #ff6600;\"><em>anna@cloudmarketing.se<\/em><\/a><\/span><\/p>\n<p>[\/et_pb_text][\/et_pb_column][et_pb_column type=&#8221;1_5&#8243; _builder_version=&#8221;3.29.3&#8243; _i=&#8221;2&#8243; _address=&#8221;0.1.2&#8243;][et_pb_image src=&#8221;http:\/\/www.cloudmarketing.se\/wp-content\/uploads\/2018\/08\/Stina-kopia.jpg&#8221; align_tablet=&#8221;center&#8221; align_last_edited=&#8221;on|desktop&#8221; _builder_version=&#8221;3.23&#8243; custom_margin_phone=&#8221;30px|||&#8221; custom_margin_last_edited=&#8221;on|phone&#8221; _i=&#8221;0&#8243; _address=&#8221;0.1.2.0&#8243;]<\/p>\n<p>&nbsp;<\/p>\n<p>[\/et_pb_image][et_pb_text _builder_version=&#8221;3.29.3&#8243; text_font=&#8221;|300|||||||&#8221; custom_margin=&#8221;22px||||false|false&#8221; _i=&#8221;1&#8243; _address=&#8221;0.1.2.1&#8243;]<\/p>\n<p>Stina Arnesdotter<br \/><em>Projektledare, kreat\u00f6r<\/em><br \/> 072 575 92 22 <em><a href=\"mailto:stina@cloudmarketing.se\"><br \/> <span style=\"color: #ff6600;\">stina@cloudmarketing.se<\/span><\/a><\/em><\/p>\n<p>[\/et_pb_text][et_pb_divider show_divider=&#8221;off&#8221; _builder_version=&#8221;3.19.18&#8243; _i=&#8221;2&#8243; _address=&#8221;0.1.2.2&#8243;]<\/p>\n<p>&nbsp;<\/p>\n<p>[\/et_pb_divider][\/et_pb_column][et_pb_column type=&#8221;1_5&#8243; _builder_version=&#8221;3.25&#8243; custom_padding=&#8221;|||&#8221; _i=&#8221;3&#8243; _address=&#8221;0.1.3&#8243; custom_padding__hover=&#8221;|||&#8221;][et_pb_image src=&#8221;http:\/\/www.cloudmarketing.se\/wp-content\/uploads\/2018\/08\/Therese-kopia.jpg&#8221; align_tablet=&#8221;center&#8221; align_last_edited=&#8221;on|desktop&#8221; _builder_version=&#8221;3.23&#8243; custom_margin_phone=&#8221;30px||&#8221; custom_margin_last_edited=&#8221;on|phone&#8221; _i=&#8221;0&#8243; _address=&#8221;0.1.3.0&#8243;]<\/p>\n<p>&nbsp;<\/p>\n<p>[\/et_pb_image][et_pb_text _builder_version=&#8221;3.29.3&#8243; text_font=&#8221;|300|||||||&#8221; custom_margin=&#8221;22px||||false|false&#8221; _i=&#8221;1&#8243; _address=&#8221;0.1.3.1&#8243;]<\/p>\n<p>Therese Maltesson<br \/> <em>Creative director<\/em><\/p>\n<p>[\/et_pb_text][\/et_pb_column][et_pb_column type=&#8221;1_5&#8243; _builder_version=&#8221;3.25&#8243; custom_padding=&#8221;|||&#8221; _i=&#8221;4&#8243; _address=&#8221;0.1.4&#8243; custom_padding__hover=&#8221;|||&#8221;][et_pb_image src=&#8221;http:\/\/www.cloudmarketing.se\/wp-content\/uploads\/2018\/08\/Nelson-kopia.jpg&#8221; align_tablet=&#8221;center&#8221; align_last_edited=&#8221;on|desktop&#8221; _builder_version=&#8221;3.23&#8243; custom_margin_phone=&#8221;30px|||&#8221; custom_margin_last_edited=&#8221;on|phone&#8221; _i=&#8221;0&#8243; _address=&#8221;0.1.4.0&#8243;]<\/p>\n<p>&nbsp;<\/p>\n<p>[\/et_pb_image][et_pb_text _builder_version=&#8221;3.29.3&#8243; text_font=&#8221;|300|||||||&#8221; custom_margin=&#8221;22px||||false|false&#8221; _i=&#8221;1&#8243; _address=&#8221;0.1.4.1&#8243;]<\/p>\n<p>Lord Nelson<br \/> <em>HR<\/em><\/p>\n<p>[\/et_pb_text][et_pb_divider show_divider=&#8221;off&#8221; _builder_version=&#8221;3.19.18&#8243; _i=&#8221;2&#8243; _address=&#8221;0.1.4.2&#8243;]<\/p>\n<p>&nbsp;<\/p>\n<p>[\/et_pb_divider][\/et_pb_column][\/et_pb_row][\/et_pb_section][et_pb_section fb_built=&#8221;1&#8243; _builder_version=&#8221;3.22&#8243; custom_padding=&#8221;0|0px|54px|0px|false|false&#8221; fb_built=&#8221;1&#8243; _i=&#8221;4&#8243; _address=&#8221;4&#8243;][et_pb_row _builder_version=&#8221;3.25&#8243; _i=&#8221;0&#8243; _address=&#8221;4.0&#8243;][et_pb_column type=&#8221;4_4&#8243; _builder_version=&#8221;3.25&#8243; custom_padding=&#8221;|||&#8221; _i=&#8221;0&#8243; _address=&#8221;4.0.0&#8243; custom_padding__hover=&#8221;|||&#8221;][et_pb_social_media_follow _builder_version=&#8221;3.19.18&#8243; text_orientation=&#8221;left&#8221; _i=&#8221;0&#8243; _address=&#8221;4.0.0.0&#8243;][et_pb_social_media_follow_network social_network=&#8221;facebook&#8221; url=&#8221;https:\/\/www.facebook.com\/cloudstrategicmarketing\/&#8221; _builder_version=&#8221;3.19.18&#8243; background_color=&#8221;#150d23&#8243; follow_button=&#8221;off&#8221; url_new_window=&#8221;on&#8221; _i=&#8221;0&#8243; _address=&#8221;4.0.0.0.0&#8243;]facebook[\/et_pb_social_media_follow_network][et_pb_social_media_follow_network social_network=&#8221;instagram&#8221; url=&#8221;https:\/\/www.instagram.com\/cloudstrategicmarketing\/&#8221; _builder_version=&#8221;3.19.18&#8243; background_color=&#8221;#150d23&#8243; follow_button=&#8221;off&#8221; url_new_window=&#8221;on&#8221; _i=&#8221;1&#8243; _address=&#8221;4.0.0.0.1&#8243;]instagram[\/et_pb_social_media_follow_network][\/et_pb_social_media_follow][\/et_pb_column][\/et_pb_row][\/et_pb_section]<\/p>\n","protected":false},"excerpt":{"rendered":"<p>Vi kan varum\u00e4rken.Varum\u00e4rket \u00e4r en strategisk resurs med f\u00f6rm\u00e5ga att utveckla ett f\u00f6retags eller en organisations konkurrenskraft, tillv\u00e4xtf\u00f6rm\u00e5ga och l\u00f6nsamhet. Syftet med all varum\u00e4rkesbyggnad \u00e4r att attrahera en bred bas av m\u00e4rkeslojala kunder. Utmaningen \u00e4r att formulera en varum\u00e4rkesstrategi som p\u00e5 ett naturligt s\u00e4tt kan integreras i organisationens aff\u00e4rsutvecklingsarbete.Starka varum\u00e4rken.Vi ser varum\u00e4rket som navet i [&hellip;]<\/p>\n","protected":false},"author":8,"featured_media":0,"parent":0,"menu_order":0,"comment_status":"closed","ping_status":"closed","template":"","meta":{"_et_pb_use_builder":"on","_et_pb_old_content":"","_et_gb_content_width":"","_mi_skip_tracking":false,"footnotes":""},"_links":{"self":[{"href":"https:\/\/www.cloudmarketing.se\/index.php\/wp-json\/wp\/v2\/pages\/489"}],"collection":[{"href":"https:\/\/www.cloudmarketing.se\/index.php\/wp-json\/wp\/v2\/pages"}],"about":[{"href":"https:\/\/www.cloudmarketing.se\/index.php\/wp-json\/wp\/v2\/types\/page"}],"author":[{"embeddable":true,"href":"https:\/\/www.cloudmarketing.se\/index.php\/wp-json\/wp\/v2\/users\/8"}],"replies":[{"embeddable":true,"href":"https:\/\/www.cloudmarketing.se\/index.php\/wp-json\/wp\/v2\/comments?post=489"}],"version-history":[{"count":33,"href":"https:\/\/www.cloudmarketing.se\/index.php\/wp-json\/wp\/v2\/pages\/489\/revisions"}],"predecessor-version":[{"id":678,"href":"https:\/\/www.cloudmarketing.se\/index.php\/wp-json\/wp\/v2\/pages\/489\/revisions\/678"}],"wp:attachment":[{"href":"https:\/\/www.cloudmarketing.se\/index.php\/wp-json\/wp\/v2\/media?parent=489"}],"curies":[{"name":"wp","href":"https:\/\/api.w.org\/{rel}","templated":true}]}}